{"id":845,"date":"2023-03-05T19:13:10","date_gmt":"2023-03-05T18:13:10","guid":{"rendered":"https:\/\/www.przedrajdem.pl\/serwis\/?page_id=845"},"modified":"2023-03-05T19:32:06","modified_gmt":"2023-03-05T18:32:06","slug":"transport-pojazdow","status":"publish","type":"page","link":"https:\/\/www.przedrajdem.pl\/serwis\/transport-pojazdow\/","title":{"rendered":"Transport pojazd\u00f3w"},"content":{"rendered":"\n<p>Oferujemy mo\u017cliwo\u015b\u0107 przetransportowania pojazd\u00f3w &#8211; motocykli i quad\u00f3w &#8211; do Naszego serwisu lub w inne wskazane miejsce na terytorium Polski. Posiadamy przyczepy do transportu od jednego\/dw\u00f3ch do czterech pojazd\u00f3w. Mamy mo\u017cliwo\u015b\u0107 jednorazowego przetransportowania 4 quad\u00f3w lub o\u015bmiu motocykli. Nasz bus ma mo\u017cliwo\u015b\u0107 \u0142atwego przekonfigurowania w wersj\u0119 zapewniaj\u0105c\u0105 miejsce dla 6 os\u00f3b &#8211; dzi\u0119ki temu w legalny spos\u00f3b mo\u017cemy przewie\u017a\u0107 6 os\u00f3b (w\u0142\u0105cznie z kierowc\u0105) i na przyk\u0142ad 6 motocykli lub trzy quady. W sprawie wyceny transportu zapraszamy do kontaktu.<\/p>\n\n\n\n<p><strong>Citroen Jumper<\/strong> &#8211; wymiary przestrzeni \u0142adunkowej dla wersji 3-osobowej:<\/p>\n\n\n\n<ul>\n<li>D\u0142ugo\u015b\u0107: 397cm<\/li>\n\n\n\n<li>Szeroko\u015b\u0107 mi\u0119dzy nadkolami: 142cm<\/li>\n\n\n\n<li>Szeroko\u015b\u0107 mi\u0119dzy \u015bcianami: 182cm<\/li>\n\n\n\n<li>Wysoko\u015b\u0107: 191cm<\/li>\n\n\n\n<li>Wysoko\u015b\u0107 w drzwiach (ty\u0142): 177cm<\/li>\n\n\n\n<li>Szeroko\u015b\u0107 w drzwiach (ty\u0142): 155cm<\/li>\n\n\n\n<li>Wysoko\u015b\u0107 w drzwiach (bok): 170cm<\/li>\n\n\n\n<li>Szeroko\u015b\u0107 w drzwiach (bok): 123cm<\/li>\n<\/ul>\n\n\n\n<p><b>Citroen Jumper &#8211; <\/b>wymiary przestrzeni \u0142adunkowej dla wersji 6 osobowej:<\/p>\n\n\n\n<ul>\n<li>D\u0142ugo\u015b\u0107: 280cm<\/li>\n\n\n\n<li>D\u0142ugo\u015b\u0107 przy ziemi: 310cm<\/li>\n\n\n\n<li>Szeroko\u015b\u0107 mi\u0119dzy nadkolami: 142cm<\/li>\n\n\n\n<li>Szeroko\u015b\u0107 mi\u0119dzy \u015bcianami: 182cm<\/li>\n\n\n\n<li>Wysoko\u015b\u0107: 191cm<\/li>\n\n\n\n<li>Wysoko\u015b\u0107 w drzwiach (ty\u0142): 177cm<\/li>\n\n\n\n<li>Szeroko\u015b\u0107 w drzwiach (ty\u0142): 155cm<\/li>\n<\/ul>\n\n\n\n<figure class=\"is-layout-flex wp-block-gallery-1 wp-block-gallery has-nested-images columns-default is-cropped\">\n<figure class=\"wp-block-image size-large\"><a href=\"https:\/\/www.przedrajdem.pl\/serwis\/wp-content\/uploads\/2023\/03\/Jumper_2014_14.jpg\" data-rel=\"lightbox-image-0\" data-imagelightbox=\"0\" data-rl_title=\"\" data-rl_caption=\"\" title=\"\"><img decoding=\"async\" loading=\"lazy\" width=\"675\" height=\"506\" data-id=\"852\"  src=\"https:\/\/www.przedrajdem.pl\/serwis\/wp-content\/uploads\/2023\/03\/Jumper_2014_14.jpg\" alt=\"\" class=\"wp-image-852\" srcset=\"https:\/\/www.przedrajdem.pl\/serwis\/wp-content\/uploads\/2023\/03\/Jumper_2014_14.jpg 675w, https:\/\/www.przedrajdem.pl\/serwis\/wp-content\/uploads\/2023\/03\/Jumper_2014_14-632x474.jpg 632w, https:\/\/www.przedrajdem.pl\/serwis\/wp-content\/uploads\/2023\/03\/Jumper_2014_14-285x214.jpg 285w\" sizes=\"(max-width: 675px) 100vw, 675px\" \/><\/a><\/figure>\n\n\n\n<figure class=\"wp-block-image size-large\"><a href=\"https:\/\/www.przedrajdem.pl\/serwis\/wp-content\/uploads\/2023\/03\/Jumper_2014_5.jpg\" data-rel=\"lightbox-image-1\" data-imagelightbox=\"1\" data-rl_title=\"\" data-rl_caption=\"\" title=\"\"><img decoding=\"async\" loading=\"lazy\" width=\"675\" height=\"506\" data-id=\"850\"  src=\"https:\/\/www.przedrajdem.pl\/serwis\/wp-content\/uploads\/2023\/03\/Jumper_2014_5.jpg\" alt=\"\" class=\"wp-image-850\" srcset=\"https:\/\/www.przedrajdem.pl\/serwis\/wp-content\/uploads\/2023\/03\/Jumper_2014_5.jpg 675w, https:\/\/www.przedrajdem.pl\/serwis\/wp-content\/uploads\/2023\/03\/Jumper_2014_5-632x474.jpg 632w, https:\/\/www.przedrajdem.pl\/serwis\/wp-content\/uploads\/2023\/03\/Jumper_2014_5-285x214.jpg 285w\" sizes=\"(max-width: 675px) 100vw, 675px\" \/><\/a><\/figure>\n\n\n\n<figure class=\"wp-block-image size-large\"><a href=\"https:\/\/www.przedrajdem.pl\/serwis\/wp-content\/uploads\/2023\/03\/Jumper_2014_10.jpg\" data-rel=\"lightbox-image-2\" data-imagelightbox=\"2\" data-rl_title=\"\" data-rl_caption=\"\" title=\"\"><img decoding=\"async\" loading=\"lazy\" width=\"675\" height=\"506\" data-id=\"851\"  src=\"https:\/\/www.przedrajdem.pl\/serwis\/wp-content\/uploads\/2023\/03\/Jumper_2014_10.jpg\" alt=\"\" class=\"wp-image-851\" srcset=\"https:\/\/www.przedrajdem.pl\/serwis\/wp-content\/uploads\/2023\/03\/Jumper_2014_10.jpg 675w, https:\/\/www.przedrajdem.pl\/serwis\/wp-content\/uploads\/2023\/03\/Jumper_2014_10-632x474.jpg 632w, https:\/\/www.przedrajdem.pl\/serwis\/wp-content\/uploads\/2023\/03\/Jumper_2014_10-285x214.jpg 285w\" sizes=\"(max-width: 675px) 100vw, 675px\" \/><\/a><\/figure>\n\n\n\n<figure class=\"wp-block-image size-large\"><a href=\"https:\/\/www.przedrajdem.pl\/serwis\/wp-content\/uploads\/2023\/03\/Jumper_2014_2.jpg\" data-rel=\"lightbox-image-3\" data-imagelightbox=\"3\" data-rl_title=\"\" data-rl_caption=\"\" title=\"\"><img decoding=\"async\" loading=\"lazy\" width=\"675\" height=\"506\" data-id=\"849\"  src=\"https:\/\/www.przedrajdem.pl\/serwis\/wp-content\/uploads\/2023\/03\/Jumper_2014_2.jpg\" alt=\"\" class=\"wp-image-849\" srcset=\"https:\/\/www.przedrajdem.pl\/serwis\/wp-content\/uploads\/2023\/03\/Jumper_2014_2.jpg 675w, https:\/\/www.przedrajdem.pl\/serwis\/wp-content\/uploads\/2023\/03\/Jumper_2014_2-632x474.jpg 632w, https:\/\/www.przedrajdem.pl\/serwis\/wp-content\/uploads\/2023\/03\/Jumper_2014_2-285x214.jpg 285w\" sizes=\"(max-width: 675px) 100vw, 675px\" \/><\/a><\/figure>\n\n\n\n<figure class=\"wp-block-image size-large\"><a href=\"https:\/\/www.przedrajdem.pl\/serwis\/wp-content\/uploads\/2023\/03\/Jumper_2014_16.jpg\" data-rel=\"lightbox-image-4\" data-imagelightbox=\"4\" data-rl_title=\"\" data-rl_caption=\"\" title=\"\"><img decoding=\"async\" loading=\"lazy\" width=\"675\" height=\"900\" data-id=\"853\"  src=\"https:\/\/www.przedrajdem.pl\/serwis\/wp-content\/uploads\/2023\/03\/Jumper_2014_16.jpg\" alt=\"\" class=\"wp-image-853\" srcset=\"https:\/\/www.przedrajdem.pl\/serwis\/wp-content\/uploads\/2023\/03\/Jumper_2014_16.jpg 675w, https:\/\/www.przedrajdem.pl\/serwis\/wp-content\/uploads\/2023\/03\/Jumper_2014_16-632x843.jpg 632w\" sizes=\"(max-width: 675px) 100vw, 675px\" \/><\/a><\/figure>\n\n\n\n<figure class=\"wp-block-image size-large\"><a href=\"https:\/\/www.przedrajdem.pl\/serwis\/wp-content\/uploads\/2023\/03\/Jumper_2014_17.jpg\" data-rel=\"lightbox-image-5\" data-imagelightbox=\"5\" data-rl_title=\"\" data-rl_caption=\"\" title=\"\"><img decoding=\"async\" loading=\"lazy\" width=\"675\" height=\"506\" data-id=\"854\"  src=\"https:\/\/www.przedrajdem.pl\/serwis\/wp-content\/uploads\/2023\/03\/Jumper_2014_17.jpg\" alt=\"\" class=\"wp-image-854\" srcset=\"https:\/\/www.przedrajdem.pl\/serwis\/wp-content\/uploads\/2023\/03\/Jumper_2014_17.jpg 675w, https:\/\/www.przedrajdem.pl\/serwis\/wp-content\/uploads\/2023\/03\/Jumper_2014_17-632x474.jpg 632w, https:\/\/www.przedrajdem.pl\/serwis\/wp-content\/uploads\/2023\/03\/Jumper_2014_17-285x214.jpg 285w\" sizes=\"(max-width: 675px) 100vw, 675px\" \/><\/a><\/figure>\n<\/figure>\n\n\n\n<p><\/p>\n\n\n\n<p><strong>Przyczepa transportowa &#8211; platforma: &#8211; SAM 750<\/strong><\/p>\n\n\n\n<div class=\"is-vertical is-layout-flex wp-container-7 wp-block-group\">\n<div class=\"is-vertical is-layout-flex wp-container-4 wp-block-group\">\n<p><strong>Wymiary:<\/strong><\/p>\n\n\n\n<div class=\"is-layout-constrained wp-block-group\"><div class=\"wp-block-group__inner-container\">\n<ul>\n<li>d\u0142ugo\u015b\u0107 ca\u0142kowita (z dyszlem) &#8211; 484cm<\/li>\n\n\n\n<li>d\u0142ugo\u015b\u0107 platformy &#8211; 347cm<\/li>\n\n\n\n<li>szeroko\u015b\u0107 platformy na quada &#8211; 170cm<\/li>\n\n\n\n<li>d\u0142ugo\u015b\u0107 platformy na quada &#8211; 136cm<\/li>\n\n\n\n<li>d\u0142ugo\u015b\u0107 najazd\u00f3w &#8211; 127cm<\/li>\n\n\n\n<li>DMC &#8211; 750kg<\/li>\n\n\n\n<li>\u0142adowno\u015b\u0107 &#8211; 550kg<\/li>\n\n\n\n<li>hamulec najazdowy<\/li>\n<\/ul>\n\n\n\n<p><\/p>\n\n\n\n<p>Mo\u017cliwo\u015b\u0107 transportu dw\u00f3ch quad\u00f3w lub trzech motocykli. W przypadku transportu quad\u00f3w na wysoko\u015bci k\u00f3\u0142 przyczepy mo\u017ce by\u0107 zainstalowana du\u017ca skrzynia transportowa na dodatkowe rzeczy niezb\u0119dne na wyje\u017adzie. <\/p>\n<\/div><\/div>\n<\/div>\n\n\n\n<figure class=\"is-layout-flex wp-block-gallery-5 wp-block-gallery has-nested-images columns-default is-cropped\">\n<figure class=\"wp-block-image size-large\"><a href=\"https:\/\/www.przedrajdem.pl\/serwis\/wp-content\/uploads\/2023\/03\/przyczepa_sam_1.jpg\" data-rel=\"lightbox-image-6\" data-imagelightbox=\"6\" data-rl_title=\"\" data-rl_caption=\"\" title=\"\"><img decoding=\"async\" loading=\"lazy\" width=\"800\" height=\"531\" src=\"https:\/\/www.przedrajdem.pl\/serwis\/wp-content\/uploads\/2023\/03\/przyczepa_sam_1.jpg\" alt=\"\" class=\"wp-image-858\" srcset=\"https:\/\/www.przedrajdem.pl\/serwis\/wp-content\/uploads\/2023\/03\/przyczepa_sam_1.jpg 800w, https:\/\/www.przedrajdem.pl\/serwis\/wp-content\/uploads\/2023\/03\/przyczepa_sam_1-632x419.jpg 632w, https:\/\/www.przedrajdem.pl\/serwis\/wp-content\/uploads\/2023\/03\/przyczepa_sam_1-768x510.jpg 768w, https:\/\/www.przedrajdem.pl\/serwis\/wp-content\/uploads\/2023\/03\/przyczepa_sam_1-272x182.jpg 272w\" sizes=\"(max-width: 800px) 100vw, 800px\" \/><\/a><\/figure>\n\n\n\n<figure class=\"wp-block-image size-large\"><a href=\"https:\/\/www.przedrajdem.pl\/serwis\/wp-content\/uploads\/2023\/03\/przyczepa_sam_4.jpg\" data-rel=\"lightbox-image-7\" data-imagelightbox=\"7\" data-rl_title=\"\" data-rl_caption=\"\" title=\"\"><img decoding=\"async\" loading=\"lazy\" width=\"800\" height=\"531\" src=\"https:\/\/www.przedrajdem.pl\/serwis\/wp-content\/uploads\/2023\/03\/przyczepa_sam_4.jpg\" alt=\"\" class=\"wp-image-857\" srcset=\"https:\/\/www.przedrajdem.pl\/serwis\/wp-content\/uploads\/2023\/03\/przyczepa_sam_4.jpg 800w, https:\/\/www.przedrajdem.pl\/serwis\/wp-content\/uploads\/2023\/03\/przyczepa_sam_4-632x419.jpg 632w, https:\/\/www.przedrajdem.pl\/serwis\/wp-content\/uploads\/2023\/03\/przyczepa_sam_4-768x510.jpg 768w, https:\/\/www.przedrajdem.pl\/serwis\/wp-content\/uploads\/2023\/03\/przyczepa_sam_4-272x182.jpg 272w\" sizes=\"(max-width: 800px) 100vw, 800px\" \/><\/a><\/figure>\n\n\n\n<figure class=\"wp-block-image size-large\"><a href=\"https:\/\/www.przedrajdem.pl\/serwis\/wp-content\/uploads\/2023\/03\/przyczepa_sam_5.jpg\" data-rel=\"lightbox-image-8\" data-imagelightbox=\"8\" data-rl_title=\"\" data-rl_caption=\"\" title=\"\"><img decoding=\"async\" loading=\"lazy\" width=\"800\" height=\"531\" src=\"https:\/\/www.przedrajdem.pl\/serwis\/wp-content\/uploads\/2023\/03\/przyczepa_sam_5.jpg\" alt=\"\" class=\"wp-image-860\" srcset=\"https:\/\/www.przedrajdem.pl\/serwis\/wp-content\/uploads\/2023\/03\/przyczepa_sam_5.jpg 800w, https:\/\/www.przedrajdem.pl\/serwis\/wp-content\/uploads\/2023\/03\/przyczepa_sam_5-632x419.jpg 632w, https:\/\/www.przedrajdem.pl\/serwis\/wp-content\/uploads\/2023\/03\/przyczepa_sam_5-768x510.jpg 768w, https:\/\/www.przedrajdem.pl\/serwis\/wp-content\/uploads\/2023\/03\/przyczepa_sam_5-272x182.jpg 272w\" sizes=\"(max-width: 800px) 100vw, 800px\" \/><\/a><\/figure>\n\n\n\n<figure class=\"wp-block-image size-large\"><a href=\"https:\/\/www.przedrajdem.pl\/serwis\/wp-content\/uploads\/2023\/03\/przyczepa_sam_8.jpg\" data-rel=\"lightbox-image-9\" data-imagelightbox=\"9\" data-rl_title=\"\" data-rl_caption=\"\" title=\"\"><img decoding=\"async\" loading=\"lazy\" width=\"800\" height=\"531\" src=\"https:\/\/www.przedrajdem.pl\/serwis\/wp-content\/uploads\/2023\/03\/przyczepa_sam_8.jpg\" alt=\"\" class=\"wp-image-859\" srcset=\"https:\/\/www.przedrajdem.pl\/serwis\/wp-content\/uploads\/2023\/03\/przyczepa_sam_8.jpg 800w, https:\/\/www.przedrajdem.pl\/serwis\/wp-content\/uploads\/2023\/03\/przyczepa_sam_8-632x419.jpg 632w, https:\/\/www.przedrajdem.pl\/serwis\/wp-content\/uploads\/2023\/03\/przyczepa_sam_8-768x510.jpg 768w, https:\/\/www.przedrajdem.pl\/serwis\/wp-content\/uploads\/2023\/03\/przyczepa_sam_8-272x182.jpg 272w\" sizes=\"(max-width: 800px) 100vw, 800px\" \/><\/a><\/figure>\n\n\n\n<figure class=\"wp-block-image size-large\"><a href=\"https:\/\/www.przedrajdem.pl\/serwis\/wp-content\/uploads\/2023\/03\/skrzynia_mosse_10.jpg\" data-rel=\"lightbox-image-10\" data-imagelightbox=\"10\" data-rl_title=\"\" data-rl_caption=\"\" title=\"\"><img decoding=\"async\" loading=\"lazy\" width=\"800\" height=\"450\" src=\"https:\/\/www.przedrajdem.pl\/serwis\/wp-content\/uploads\/2023\/03\/skrzynia_mosse_10.jpg\" alt=\"\" class=\"wp-image-862\" srcset=\"https:\/\/www.przedrajdem.pl\/serwis\/wp-content\/uploads\/2023\/03\/skrzynia_mosse_10.jpg 800w, https:\/\/www.przedrajdem.pl\/serwis\/wp-content\/uploads\/2023\/03\/skrzynia_mosse_10-632x356.jpg 632w, https:\/\/www.przedrajdem.pl\/serwis\/wp-content\/uploads\/2023\/03\/skrzynia_mosse_10-768x432.jpg 768w\" sizes=\"(max-width: 800px) 100vw, 800px\" \/><\/a><\/figure>\n\n\n\n<figure class=\"wp-block-image size-large\"><a href=\"https:\/\/www.przedrajdem.pl\/serwis\/wp-content\/uploads\/2023\/03\/skrzynia_mosse_13.jpg\" data-rel=\"lightbox-image-11\" data-imagelightbox=\"11\" data-rl_title=\"\" data-rl_caption=\"\" title=\"\"><img decoding=\"async\" loading=\"lazy\" width=\"800\" height=\"450\" src=\"https:\/\/www.przedrajdem.pl\/serwis\/wp-content\/uploads\/2023\/03\/skrzynia_mosse_13.jpg\" alt=\"\" class=\"wp-image-861\" srcset=\"https:\/\/www.przedrajdem.pl\/serwis\/wp-content\/uploads\/2023\/03\/skrzynia_mosse_13.jpg 800w, https:\/\/www.przedrajdem.pl\/serwis\/wp-content\/uploads\/2023\/03\/skrzynia_mosse_13-632x356.jpg 632w, https:\/\/www.przedrajdem.pl\/serwis\/wp-content\/uploads\/2023\/03\/skrzynia_mosse_13-768x432.jpg 768w\" sizes=\"(max-width: 800px) 100vw, 800px\" \/><\/a><\/figure>\n<\/figure>\n<\/div>\n\n\n\n<p><\/p>\n\n\n\n<p><strong>Przyczepa transportowa &#8211; z plandek\u0105<\/strong> &#8211; <strong>Rydwan 750<\/strong><\/p>\n\n\n\n<p><strong>Wymiary:<\/strong><\/p>\n\n\n\n<ul>\n<li>wymiary pod\u0142ogi &#8211; 145 cm x 245 cm<\/li>\n\n\n\n<li>wysoko\u015b\u0107 pod plandek\u0105 160 centymetr\u00f3w<\/li>\n\n\n\n<li>DMC &#8211; 750kg<\/li>\n\n\n\n<li>\u0142adowno\u015b\u0107 &#8211; 500kg<\/li>\n<\/ul>\n\n\n\n<p>W \u015brodku komplet uchwyt\u00f3w niezb\u0119dnych do zamocowania pojazd\u00f3w &#8211; dw\u00f3ch motocykli lub jednego quada. <\/p>\n\n\n\n<figure class=\"is-layout-flex wp-block-gallery-8 wp-block-gallery has-nested-images columns-default is-cropped\">\n<figure class=\"wp-block-image size-large\"><a href=\"https:\/\/www.przedrajdem.pl\/serwis\/wp-content\/uploads\/2023\/03\/1_przyczepka_wynajem.jpg\" data-rel=\"lightbox-image-12\" data-imagelightbox=\"12\" data-rl_title=\"\" data-rl_caption=\"\" title=\"\"><img decoding=\"async\" loading=\"lazy\" width=\"800\" height=\"450\" data-id=\"863\"  src=\"https:\/\/www.przedrajdem.pl\/serwis\/wp-content\/uploads\/2023\/03\/1_przyczepka_wynajem.jpg\" alt=\"\" class=\"wp-image-863\" srcset=\"https:\/\/www.przedrajdem.pl\/serwis\/wp-content\/uploads\/2023\/03\/1_przyczepka_wynajem.jpg 800w, https:\/\/www.przedrajdem.pl\/serwis\/wp-content\/uploads\/2023\/03\/1_przyczepka_wynajem-632x356.jpg 632w, https:\/\/www.przedrajdem.pl\/serwis\/wp-content\/uploads\/2023\/03\/1_przyczepka_wynajem-768x432.jpg 768w\" sizes=\"(max-width: 800px) 100vw, 800px\" \/><\/a><\/figure>\n\n\n\n<figure class=\"wp-block-image size-large\"><a href=\"https:\/\/www.przedrajdem.pl\/serwis\/wp-content\/uploads\/2023\/03\/2_przyczepka_wynajem.jpg\" data-rel=\"lightbox-image-13\" data-imagelightbox=\"13\" data-rl_title=\"\" data-rl_caption=\"\" title=\"\"><img decoding=\"async\" loading=\"lazy\" width=\"800\" height=\"450\" data-id=\"864\"  src=\"https:\/\/www.przedrajdem.pl\/serwis\/wp-content\/uploads\/2023\/03\/2_przyczepka_wynajem.jpg\" alt=\"\" class=\"wp-image-864\" srcset=\"https:\/\/www.przedrajdem.pl\/serwis\/wp-content\/uploads\/2023\/03\/2_przyczepka_wynajem.jpg 800w, https:\/\/www.przedrajdem.pl\/serwis\/wp-content\/uploads\/2023\/03\/2_przyczepka_wynajem-632x356.jpg 632w, https:\/\/www.przedrajdem.pl\/serwis\/wp-content\/uploads\/2023\/03\/2_przyczepka_wynajem-768x432.jpg 768w\" sizes=\"(max-width: 800px) 100vw, 800px\" \/><\/a><\/figure>\n<\/figure>\n","protected":false},"excerpt":{"rendered":"<p>Oferujemy mo\u017cliwo\u015b\u0107 przetransportowania pojazd\u00f3w &#8211; motocykli i quad\u00f3w &#8211; do Naszego serwisu lub w inne wskazane miejsce na terytorium Polski. Posiadamy przyczepy do transportu od jednego\/dw\u00f3ch do czterech pojazd\u00f3w. Mamy mo\u017cliwo\u015b\u0107 jednorazowego przetransportowania 4 quad\u00f3w lub o\u015bmiu motocykli. Nasz bus ma mo\u017cliwo\u015b\u0107 \u0142atwego przekonfigurowania w wersj\u0119 zapewniaj\u0105c\u0105 miejsce dla 6 os\u00f3b &#8211; dzi\u0119ki temu w<a href=\"https:\/\/www.przedrajdem.pl\/serwis\/transport-pojazdow\/\">[&#8230;]<\/a><\/p>\n","protected":false},"author":1,"featured_media":0,"parent":0,"menu_order":0,"comment_status":"closed","ping_status":"closed","template":"","meta":[],"_links":{"self":[{"href":"https:\/\/www.przedrajdem.pl\/serwis\/wp-json\/wp\/v2\/pages\/845"}],"collection":[{"href":"https:\/\/www.przedrajdem.pl\/serwis\/wp-json\/wp\/v2\/pages"}],"about":[{"href":"https:\/\/www.przedrajdem.pl\/serwis\/wp-json\/wp\/v2\/types\/page"}],"author":[{"embeddable":true,"href":"https:\/\/www.przedrajdem.pl\/serwis\/wp-json\/wp\/v2\/users\/1"}],"replies":[{"embeddable":true,"href":"https:\/\/www.przedrajdem.pl\/serwis\/wp-json\/wp\/v2\/comments?post=845"}],"version-history":[{"count":11,"href":"https:\/\/www.przedrajdem.pl\/serwis\/wp-json\/wp\/v2\/pages\/845\/revisions"}],"predecessor-version":[{"id":874,"href":"https:\/\/www.przedrajdem.pl\/serwis\/wp-json\/wp\/v2\/pages\/845\/revisions\/874"}],"wp:attachment":[{"href":"https:\/\/www.przedrajdem.pl\/serwis\/wp-json\/wp\/v2\/media?parent=845"}],"curies":[{"name":"wp","href":"https:\/\/api.w.org\/{rel}","templated":true}]}}